{"id":4159,"date":"2019-05-16T11:37:48","date_gmt":"2019-05-16T09:37:48","guid":{"rendered":"https:\/\/recursing-goldberg.89-163-214-15.plesk.page\/?page_id=4159"},"modified":"2022-02-23T11:51:27","modified_gmt":"2022-02-23T10:51:27","slug":"admissions-2-3","status":"publish","type":"page","link":"https:\/\/wordpress.ilmer-barg.de\/?page_id=4159","title":{"rendered":"Schulsozialarbeit Grundschule"},"content":{"rendered":"<div class=\"wpb-content-wrapper\"><p>[vc_row full_width=&#8220;stretch_row&#8220; css=&#8220;.vc_custom_1548768070130{padding-top: 45px !important;padding-bottom: 40px !important;}&#8220;][vc_column width=&#8220;2\/3&#8243;][vc_column_text]<\/p>\n<div class=\"elementor-element elementor-element-a132353 elementor-column elementor-col-50 elementor-top-column\" data-id=\"a132353\" data-element_type=\"column\">\n<div class=\"elementor-column-wrap elementor-element-populated\">\n<div class=\"elementor-widget-wrap\">\n<div class=\"elementor-element elementor-element-e05dde0 elementor-widget elementor-widget-text-editor\" data-id=\"e05dde0\" data-element_type=\"widget\" data-widget_type=\"text-editor.default\">\n<div class=\"elementor-widget-container\">\n<div class=\"elementor-text-editor elementor-clearfix\">\n<p>Mit\u00a0der Zielsetzung, die Lebenswelt Schule als Wohlf\u00fchlort des\u00a0Lernens und Miteinanders mitzugestalten unterst\u00fctzt unsere\u00a0Schulsozialp\u00e4dagogin Frau Schulte unsere Sch\u00fclerinnen und Sch\u00fcler und\u00a0Mitarbeiter der Schule dabei \u201egut miteinander auszukommen\u201c.<\/p>\n<p>Es\u00a0gilt individuelle Sichtweisen, Interessen und F\u00e4higkeiten\u00a0miteinander \u201elebbar\u201c zu machen und den Wert von Gemeinschaft,\u00a0welche gleichzeitig der individuellen Pers\u00f6nlichkeitsentwicklung\u00a0gen\u00fcgend Raum gibt, erlebbar zu machen.<\/p>\n<p>Unsere\u00a0Schulsozialp\u00e4dagogin ist sowohl an unserem Hauptstandort in\u00a0Roydorf als auch in unserer Au\u00dfenstelle in Luhdorf t\u00e4tig.<\/p>\n<p>Zu den Aufgabenbereichen z\u00e4hlen:<\/p>\n<ul>\n<li>Arbeit mit Kindern in Einzel- oder Kleingruppenarbeit sowie im Klassenverband<\/li>\n<li>Zusammenarbeit mit Lehrkr\u00e4ften, p\u00e4dagogischen Mitarbeitern und Schulleitung<\/li>\n<li>Zusammenarbeit mit Erziehungsberechtigten\/Eltern<\/li>\n<li>Netzwerkarbeit mit au\u00dferschulischen Partnern bzw. Hilfesystemen (Beratungsstellen, Jugendamt\u2026)<\/li>\n<\/ul>\n<\/div>\n<\/div>\n<\/div>\n<\/div>\n<\/div>\n<\/div>\n<p>[\/vc_column_text][vc_btn title=&#8220;Elternbrief Schulsozialarbeit Corona-Zeit&#8220; style=&#8220;classic&#8220; color=&#8220;success&#8220; size=&#8220;lg&#8220; align=&#8220;center&#8220; button_block=&#8220;true&#8220; link=&#8220;url:https%3A%2F%2Frecursing-goldberg.89-163-214-15.plesk.page%2Fwp-content%2Fuploads%2F2021%2F01%2FElternbrief-Schulsozialarbeit-GS-2021-01.pdf|target:_blank&#8220;][vc_separator][vc_column_text]Zus\u00e4tzlich unterst\u00fctzt unserer sozialp\u00e4dagogische Fachkraft Frau Kalverkamp die Sch\u00fclerinnen und Sch\u00fcler im Klassenunterricht, in Kleingruppen und Einzelsettings. Frau Kalverkamp bietet zudem unterschiedliche Pausenangebote an, leitet eine Arbeitsgemeinschaft und unterst\u00fctzt den Ganztag am Nachmittag.[\/vc_column_text][vc_separator][vc_tta_accordion gap=&#8220;5&#8243; active_section=&#8220;1&#8243; collapsible_all=&#8220;true&#8220; title=&#8220;Unsere Angebote zur F\u00f6rderung sozial-emotionaler Kompetenz&#8220;][vc_tta_section title=&#8220;Individuelle Unterst\u00fctzung im Schulalltag&#8220; tab_id=&#8220;1557999930875-1c8b5832-ce8c&#8220;][vc_column_text]Als verl\u00e4ssliche Bezugsperson im Schulleben unterst\u00fctzt unsere Schulsozialp\u00e4dagogin unsere Sch\u00fclerinnen und Sch\u00fcler individuell in Situationen ihres Schulalltags. Sie hilft bei Konflikten, \u00c4ngsten und Sorgen und in anderen Problemlagen und erweitert somit im gelebten Schulalltag ihre sozial-emotionalen Kompetenzen.[\/vc_column_text][\/vc_tta_section][vc_tta_section title=&#8220;Soziales Kompetenztraining im Klassenverband&#8220; tab_id=&#8220;1557999930902-4ebf17c6-a64f&#8220;][vc_column_text]Einmal w\u00f6chentlich besucht unsere Schulsozialp\u00e4dagogin viele unsere Schulklassen f\u00fcr eine Schulstunde zum Sozialen\u00a0Kompetenztraining im Klassenverband.\u00a0Gemeinsam\u00a0mit der Klassenlehrkraft wird in den \u201e<em>Sozialen Lernstunden<\/em>\u201c\u00a0an der Erweiterung der sozial-emotionalen Kompetenzen unserer\u00a0Sch\u00fclerinnen und Sch\u00fcler gearbeitet. Die Kinder lernen mehr \u00fcber\u00a0ihre eigenen Gef\u00fchle und die ihrer Mitmenschen, sie erfahren und\u00a0\u00fcben, wie man gut miteinander auskommen kann und erarbeiten und\u00a0erweitern ihre M\u00f6glichkeiten, Konflikte zu l\u00f6sen.[\/vc_column_text][\/vc_tta_section][vc_tta_section title=&#8220;Soziale Lernstunden \/ Beteiligung am Klassenrat&#8220; tab_id=&#8220;1557999986847-cb170ad1-0105&#8243;][vc_column_text]Neben der regelm\u00e4\u00dfigen Durchf\u00fchrung der Sozialen Kompetenztrainings vor\u00a0allem in den ersten und zweiten Klassen bietet unsere\u00a0Schulsozialp\u00e4dagogin bei Bedarf f\u00fcr alle Jahrgangsstufen der\u00a0Grundschule auch Themenbezogene Arbeit mit ganzen\u00a0Klassen an zum Beispiel zur Verbesserung des Klassenklimas oder bei\u00a0bestimmten Problemlagen und beteiligt sich in den dritten und vierten\u00a0Klassen bei Bedarf an unseren Klassenr\u00e4ten.[\/vc_column_text][\/vc_tta_section][vc_tta_section title=&#8220;\u201eIch-Du-Wir-Werkst\u00e4tten&#8222;&#8220; tab_id=&#8220;1557999998652-e26e2e01-6e2e&#8220;][vc_column_text]F\u00fcr einzelne Kinder, die Schwierigkeiten im sozialen Miteinander zeigen,\u00a0bietet Frau Schulte ihre \u201eIch-Du-Wir-Werkst\u00e4tten\u201c\u00a0an. In der \u201eIch-Du Wir-Werkstatt\u201c bekommen Sch\u00fclerinnen und\u00a0Sch\u00fcler einmal w\u00f6chentlich in Kleingruppen von zwei bis vier\u00a0Kindern die M\u00f6glichkeit, ihre F\u00e4higkeiten im Umgang mit anderen zu\u00a0verbessern, weiterzuentwickeln und zu festigen. Inhalte sind\u00a0\u201eGef\u00fchle bei mir und anderen\u201c, \u201eGrenzen setzen und einhalten\u201c,\u00a0\u201eAuf andere Zugehen\u201c, \u201eErkennen und L\u00f6sen von Konflikten\u201c,\u2026[\/vc_column_text][\/vc_tta_section][vc_tta_section title=&#8220;Arbeit mit einzelnen Kindern&#8220; tab_id=&#8220;1561376674929-99a8e74e-7e74&#8243;][vc_column_text]Ein weiteres Angebot von Frau Schulte ist die Arbeit mit einzelnen Kindern zur F\u00f6rderung ihrer sozial-emotionalen Kompetenzen und\/oder zur Unterst\u00fctzung und Hilfe bei verschiedenen Problemlagen.[\/vc_column_text][\/vc_tta_section][\/vc_tta_accordion][\/vc_column][vc_column width=&#8220;1\/3&#8243;][vc_single_image image=&#8220;3669&#8243; img_size=&#8220;medium&#8220; onclick=&#8220;link_image&#8220;][stm_title title_tag=&#8220;h2&#8243; title=&#8220;Stefanie Schulte&#8220;][\/stm_title][vc_column_text]<strong>Schulsozialp\u00e4dagogin<br \/>\n<\/strong><span style=\"font-size: 12pt;\">Sprechzeiten:<br \/>\n<\/span>nach Vereinbarung per Mail[\/vc_column_text][stm_teacher_contact_details teacher_email=&#8220;frau.schulte@gobs-winsen.de&#8220; teacher_tel=&#8220;04171 &#8211; 7694015&#8243;][vc_separator][vc_single_image image=&#8220;4268&#8243; img_size=&#8220;medium&#8220; onclick=&#8220;link_image&#8220;][stm_title title_tag=&#8220;h2&#8243; title=&#8220;Tanja Kalverkamp&#8220;][\/stm_title][vc_column_text]<strong>P\u00e4dagogische Mitarbeiterin<br \/>\n<\/strong>[\/vc_column_text][vc_separator][vc_row_inner][vc_column_inner][vc_single_image image=&#8220;3986&#8243; img_size=&#8220;full&#8220; onclick=&#8220;link_image&#8220;][\/vc_column_inner][\/vc_row_inner][\/vc_column][\/vc_row]<\/p>\n<\/div>","protected":false},"excerpt":{"rendered":"<p>[vc_row full_width=&#8220;stretch_row&#8220; css=&#8220;.vc_custom_1548768070130{padding-top: 45px !important;padding-bottom: 40px !important;}&#8220;][vc_column width=&#8220;2\/3&#8243;][vc_column_text] Mit\u00a0der Zielsetzung, die Lebenswelt Schule als Wohlf\u00fchlort des\u00a0Lernens und Miteinanders mitzugestalten unterst\u00fctzt unsere\u00a0Schulsozialp\u00e4dagogin Frau Schulte unsere Sch\u00fclerinnen und Sch\u00fcler und\u00a0Mitarbeiter der Schule dabei \u201egut miteinander auszukommen\u201c. Es\u00a0gilt individuelle Sichtweisen, Interessen und F\u00e4higkeiten\u00a0miteinander \u201elebbar\u201c zu machen und den Wert von Gemeinschaft,\u00a0welche gleichzeitig der individuellen Pers\u00f6nlichkeitsentwicklung\u00a0gen\u00fcgend Raum gibt, erlebbar [&hellip;]<\/p>\n","protected":false},"author":5,"featured_media":0,"parent":0,"menu_order":0,"comment_status":"closed","ping_status":"closed","template":"","meta":{"footnotes":""},"class_list":["post-4159","page","type-page","status-publish","hentry"],"_links":{"self":[{"href":"https:\/\/wordpress.ilmer-barg.de\/index.php?rest_route=\/wp\/v2\/pages\/4159","targetHints":{"allow":["GET"]}}],"collection":[{"href":"https:\/\/wordpress.ilmer-barg.de\/index.php?rest_route=\/wp\/v2\/pages"}],"about":[{"href":"https:\/\/wordpress.ilmer-barg.de\/index.php?rest_route=\/wp\/v2\/types\/page"}],"author":[{"embeddable":true,"href":"https:\/\/wordpress.ilmer-barg.de\/index.php?rest_route=\/wp\/v2\/users\/5"}],"replies":[{"embeddable":true,"href":"https:\/\/wordpress.ilmer-barg.de\/index.php?rest_route=%2Fwp%2Fv2%2Fcomments&post=4159"}],"version-history":[{"count":54,"href":"https:\/\/wordpress.ilmer-barg.de\/index.php?rest_route=\/wp\/v2\/pages\/4159\/revisions"}],"predecessor-version":[{"id":7216,"href":"https:\/\/wordpress.ilmer-barg.de\/index.php?rest_route=\/wp\/v2\/pages\/4159\/revisions\/7216"}],"wp:attachment":[{"href":"https:\/\/wordpress.ilmer-barg.de\/index.php?rest_route=%2Fwp%2Fv2%2Fmedia&parent=4159"}],"curies":[{"name":"wp","href":"https:\/\/api.w.org\/{rel}","templated":true}]}}